{"id":32,"date":"2025-04-29T11:54:10","date_gmt":"2025-04-29T11:54:10","guid":{"rendered":"https:\/\/argian.org\/www\/?page_id=32"},"modified":"2025-06-26T13:13:37","modified_gmt":"2025-06-26T13:13:37","slug":"formacion-de-arteterapia-gestalt","status":"publish","type":"page","link":"https:\/\/argian.org\/www\/formacion-de-arteterapia-gestalt\/","title":{"rendered":"Formaci\u00f3n de arteterapia gestalt"},"content":{"rendered":"\t\t<div data-elementor-type=\"wp-page\" data-elementor-id=\"32\" class=\"elementor elementor-32\" data-elementor-post-type=\"page\">\n\t\t\t\t<div class=\"elementor-element elementor-element-6d5a048d e-con-full e-flex e-con e-parent\" data-id=\"6d5a048d\" data-element_type=\"container\" data-e-type=\"container\" data-settings=\"{&quot;background_background&quot;:&quot;classic&quot;}\">\n\t\t\t\t<div class=\"elementor-element elementor-element-1e1c84c0 elementor-widget elementor-widget-heading\" data-id=\"1e1c84c0\" data-element_type=\"widget\" data-e-type=\"widget\" data-widget_type=\"heading.default\">\n\t\t\t\t\t<h2 class=\"elementor-heading-title elementor-size-default\">Arteterapia<br>\nGestalt<\/h2>\t\t\t\t<\/div>\n\t\t\t\t<\/div>\n\t\t<div class=\"elementor-element elementor-element-4a9f1f7e e-con-full bg-sistemica anim-color  e-flex e-con e-parent\" data-id=\"4a9f1f7e\" data-element_type=\"container\" data-e-type=\"container\" data-settings=\"{&quot;background_background&quot;:&quot;classic&quot;}\">\n\t\t\t\t<div class=\"elementor-element elementor-element-1a1c82cd elementor-widget__width-initial elementor-widget-tablet__width-inherit elementor-widget elementor-widget-text-editor\" data-id=\"1a1c82cd\" data-element_type=\"widget\" data-e-type=\"widget\" data-widget_type=\"text-editor.default\">\n\t\t\t\t\t\t\t\t\t<p>Se trata de una formaci\u00f3n de 3 a\u00f1os de recorrido que tiene como objetivo formar a profesionales en Arteterapia Gestalt aprendiendo las herramientas necesarias para ello.<\/p>\t\t\t\t\t\t\t\t<\/div>\n\t\t\t\t<\/div>\n\t\t<div class=\"elementor-element elementor-element-719c24e3 e-con-full e-flex e-con e-parent\" data-id=\"719c24e3\" data-element_type=\"container\" data-e-type=\"container\">\n\t\t<div class=\"elementor-element elementor-element-554f4eff e-con-full e-flex e-con e-child\" data-id=\"554f4eff\" data-element_type=\"container\" data-e-type=\"container\">\n\t\t\t\t<div class=\"elementor-element elementor-element-2c1ac0a8 elementor-widget__width-initial elementor-widget elementor-widget-image\" data-id=\"2c1ac0a8\" data-element_type=\"widget\" data-e-type=\"widget\" data-widget_type=\"image.default\">\n\t\t\t\t\t\t\t\t\t\t\t\t\t\t\t<img fetchpriority=\"high\" decoding=\"async\" width=\"1536\" height=\"2048\" src=\"https:\/\/argian.org\/www\/wp-content\/uploads\/2025\/05\/arteterapia-1-copia.webp\" class=\"attachment-full size-full wp-image-1334\" alt=\"\" srcset=\"https:\/\/argian.org\/www\/wp-content\/uploads\/2025\/05\/arteterapia-1-copia.webp 1536w, https:\/\/argian.org\/www\/wp-content\/uploads\/2025\/05\/arteterapia-1-copia-225x300.webp 225w, https:\/\/argian.org\/www\/wp-content\/uploads\/2025\/05\/arteterapia-1-copia-768x1024.webp 768w, https:\/\/argian.org\/www\/wp-content\/uploads\/2025\/05\/arteterapia-1-copia-1152x1536.webp 1152w\" sizes=\"(max-width: 1536px) 100vw, 1536px\" \/>\t\t\t\t\t\t\t\t\t\t\t\t\t\t\t<\/div>\n\t\t\t\t<\/div>\n\t\t<div class=\"elementor-element elementor-element-68445261 e-con-full e-flex e-con e-child\" data-id=\"68445261\" data-element_type=\"container\" data-e-type=\"container\">\n\t\t\t\t<div class=\"elementor-element elementor-element-631d645c elementor-widget__width-initial elementor-widget-mobile__width-inherit elementor-widget elementor-widget-text-editor\" data-id=\"631d645c\" data-element_type=\"widget\" data-e-type=\"widget\" data-widget_type=\"text-editor.default\">\n\t\t\t\t\t\t\t\t\t<p>Es un proyecto que se ha cocinado a fuego lento para poder saborear todos los matices y que adem\u00e1s tiene este ingrediente tan m\u00e1gico que se usa en las cocinas de las abuelas; el amor, el cuidado, el mimo y tambi\u00e9n el conocimiento de una buena receta. <br \/>El <strong>proceso terap\u00e9utico<\/strong> es un proceso vivo, un proceso artesanal que vamos descubriendo a cada paso, un proceso libre y sin l\u00edmites que favorece la transformaci\u00f3n de nuestros esquemas mentales m\u00e1s r\u00edgidos.<\/p>\t\t\t\t\t\t\t\t<\/div>\n\t\t\t\t<\/div>\n\t\t\t\t<\/div>\n\t\t<div class=\"elementor-element elementor-element-27c09057 e-con-full bg-sistemica-2 anim-color e-flex e-con e-parent\" data-id=\"27c09057\" data-element_type=\"container\" data-e-type=\"container\">\n\t\t<div class=\"elementor-element elementor-element-429a679d e-con-full e-flex e-con e-child\" data-id=\"429a679d\" data-element_type=\"container\" data-e-type=\"container\">\n\t\t\t\t<\/div>\n\t\t<div class=\"elementor-element elementor-element-2351e67 e-con-full e-flex e-con e-child\" data-id=\"2351e67\" data-element_type=\"container\" data-e-type=\"container\">\n\t\t\t\t<div class=\"elementor-element elementor-element-1c1d6004 elementor-widget__width-initial elementor-widget-mobile__width-inherit elementor-widget elementor-widget-text-editor\" data-id=\"1c1d6004\" data-element_type=\"widget\" data-e-type=\"widget\" data-widget_type=\"text-editor.default\">\n\t\t\t\t\t\t\t\t\t<p>La Arteterapia, como el arte y el crecimiento personal, es una herramienta de transformaci\u00f3n individual, grupal y social. <br \/>Al crear, liberamos tensiones, hacemos conscientes nuestras emociones y conflictos, y expresamos lo que necesitamos. <br \/>Esto nos permite transformar lo que ya no nos sirve y descubrir nuevos caminos para nuestra vida.<\/p>\t\t\t\t\t\t\t\t<\/div>\n\t\t\t\t<\/div>\n\t\t\t\t<\/div>\n\t\t<div class=\"elementor-element elementor-element-1b9260ab e-con-full bg-arteterapia anim-color e-flex e-con e-parent\" data-id=\"1b9260ab\" data-element_type=\"container\" data-e-type=\"container\">\n\t\t\t\t<div class=\"elementor-element elementor-element-7315defa elementor-widget__width-initial anim-pulse elementor-widget elementor-widget-heading\" data-id=\"7315defa\" data-element_type=\"widget\" data-e-type=\"widget\" data-settings=\"{&quot;motion_fx_motion_fx_scrolling&quot;:&quot;yes&quot;,&quot;motion_fx_opacity_effect&quot;:&quot;yes&quot;,&quot;motion_fx_opacity_range&quot;:{&quot;unit&quot;:&quot;%&quot;,&quot;size&quot;:&quot;&quot;,&quot;sizes&quot;:{&quot;start&quot;:40,&quot;end&quot;:59}},&quot;motion_fx_opacity_direction&quot;:&quot;out-in&quot;,&quot;motion_fx_opacity_level&quot;:{&quot;unit&quot;:&quot;px&quot;,&quot;size&quot;:10,&quot;sizes&quot;:[]},&quot;motion_fx_devices&quot;:[&quot;widescreen&quot;,&quot;desktop&quot;,&quot;laptop&quot;,&quot;tablet_extra&quot;,&quot;tablet&quot;,&quot;mobile&quot;]}\" data-widget_type=\"heading.default\">\n\t\t\t\t\t<h2 class=\"elementor-heading-title elementor-size-default\">Aprendemos a vernos a trav\u00e9s de la obra, a escucharla, a observarla y tambi\u00e9n a darnos cuenta de qu\u00e9 despierta esa obra en m\u00ed<\/h2>\t\t\t\t<\/div>\n\t\t\t\t<\/div>\n\t\t<div class=\"elementor-element elementor-element-5e727c66 e-con-full e-flex e-con e-parent\" data-id=\"5e727c66\" data-element_type=\"container\" data-e-type=\"container\">\n\t\t<div class=\"elementor-element elementor-element-5d0c7a5f e-con-full e-flex e-con e-child\" data-id=\"5d0c7a5f\" data-element_type=\"container\" data-e-type=\"container\">\n\t\t\t\t<div class=\"elementor-element elementor-element-2107e88b elementor-widget__width-initial elementor-widget elementor-widget-image\" data-id=\"2107e88b\" data-element_type=\"widget\" data-e-type=\"widget\" data-widget_type=\"image.default\">\n\t\t\t\t\t\t\t\t\t\t\t\t\t\t\t<img decoding=\"async\" width=\"1536\" height=\"1536\" src=\"https:\/\/argian.org\/www\/wp-content\/uploads\/2025\/05\/arteterapia-1.webp\" class=\"attachment-full size-full wp-image-1332\" alt=\"\" srcset=\"https:\/\/argian.org\/www\/wp-content\/uploads\/2025\/05\/arteterapia-1.webp 1536w, https:\/\/argian.org\/www\/wp-content\/uploads\/2025\/05\/arteterapia-1-300x300.webp 300w, https:\/\/argian.org\/www\/wp-content\/uploads\/2025\/05\/arteterapia-1-1024x1024.webp 1024w, https:\/\/argian.org\/www\/wp-content\/uploads\/2025\/05\/arteterapia-1-150x150.webp 150w, https:\/\/argian.org\/www\/wp-content\/uploads\/2025\/05\/arteterapia-1-768x768.webp 768w\" sizes=\"(max-width: 1536px) 100vw, 1536px\" \/>\t\t\t\t\t\t\t\t\t\t\t\t\t\t\t<\/div>\n\t\t\t\t<\/div>\n\t\t<div class=\"elementor-element elementor-element-637ca3a5 e-con-full e-flex e-con e-child\" data-id=\"637ca3a5\" data-element_type=\"container\" data-e-type=\"container\">\n\t\t\t\t<div class=\"elementor-element elementor-element-6f6fea04 elementor-widget__width-initial elementor-widget-mobile__width-inherit elementor-widget elementor-widget-text-editor\" data-id=\"6f6fea04\" data-element_type=\"widget\" data-e-type=\"widget\" data-widget_type=\"text-editor.default\">\n\t\t\t\t\t\t\t\t\t<p>Cada obra creada refleja una parte de m\u00ed, y al descubrirla, me descubro a m\u00ed mismo. <br \/>Esto nos ayuda a comprendernos mejor y a integrar diferentes aspectos de nuestro car\u00e1cter, conectando con nuestro yo aut\u00e9ntico. <br \/>No es necesaria experiencia art\u00edstica, lo importante es experimentar con las diversas formas de arte presentes durante la formaci\u00f3n.<\/p>\t\t\t\t\t\t\t\t<\/div>\n\t\t\t\t<\/div>\n\t\t\t\t<\/div>\n\t\t<div class=\"elementor-element elementor-element-29c815e e-con-full bg-arteterapia-2 anim-color e-flex e-con e-parent\" data-id=\"29c815e\" data-element_type=\"container\" data-e-type=\"container\">\n\t\t\t\t<div class=\"elementor-element elementor-element-961dbb0 elementor-widget__width-initial anim-pulse elementor-widget elementor-widget-heading\" data-id=\"961dbb0\" data-element_type=\"widget\" data-e-type=\"widget\" data-settings=\"{&quot;motion_fx_motion_fx_scrolling&quot;:&quot;yes&quot;,&quot;motion_fx_opacity_effect&quot;:&quot;yes&quot;,&quot;motion_fx_opacity_range&quot;:{&quot;unit&quot;:&quot;%&quot;,&quot;size&quot;:&quot;&quot;,&quot;sizes&quot;:{&quot;start&quot;:40,&quot;end&quot;:59}},&quot;motion_fx_opacity_direction&quot;:&quot;out-in&quot;,&quot;motion_fx_opacity_level&quot;:{&quot;unit&quot;:&quot;px&quot;,&quot;size&quot;:10,&quot;sizes&quot;:[]},&quot;motion_fx_devices&quot;:[&quot;widescreen&quot;,&quot;desktop&quot;,&quot;laptop&quot;,&quot;tablet_extra&quot;,&quot;tablet&quot;,&quot;mobile&quot;]}\" data-widget_type=\"heading.default\">\n\t\t\t\t\t<h2 class=\"elementor-heading-title elementor-size-default\">M\u00e1s que la t\u00e9cnica, lo importante es estar abierta\/o a un proceso terap\u00e9utico de autoconocimiento teniendo en cuenta la creatividad que todas\/os llevamos dentro\nde manera innata<\/h2>\t\t\t\t<\/div>\n\t\t\t\t<\/div>\n\t\t<div class=\"elementor-element elementor-element-1697e5bf e-con-full e-flex e-con e-parent\" data-id=\"1697e5bf\" data-element_type=\"container\" data-e-type=\"container\">\n\t\t<div class=\"elementor-element elementor-element-6bc4f08b e-con-full e-flex e-con e-child\" data-id=\"6bc4f08b\" data-element_type=\"container\" data-e-type=\"container\">\n\t\t\t\t<div class=\"elementor-element elementor-element-f12b01a elementor-widget elementor-widget-heading\" data-id=\"f12b01a\" data-element_type=\"widget\" data-e-type=\"widget\" data-widget_type=\"heading.default\">\n\t\t\t\t\t<h2 class=\"elementor-heading-title elementor-size-default\">metodolog\u00eda<\/h2>\t\t\t\t<\/div>\n\t\t\t\t<\/div>\n\t\t<div class=\"elementor-element elementor-element-59f5e0e8 e-con-full e-flex e-con e-child\" data-id=\"59f5e0e8\" data-element_type=\"container\" data-e-type=\"container\">\n\t\t\t\t<div class=\"elementor-element elementor-element-4366cf2f elementor-widget__width-initial elementor-widget-mobile__width-inherit elementor-widget elementor-widget-text-editor\" data-id=\"4366cf2f\" data-element_type=\"widget\" data-e-type=\"widget\" data-widget_type=\"text-editor.default\">\n\t\t\t\t\t\t\t\t\t<p>La metodolog\u00eda llevada a cabo es te\u00f3rico vivencial, dando peso e importancia al proceso de desarrollo personal y a la integraci\u00f3n de los diferentes contenidos que se van generando con el paso de los encuentros de fin de semana.<\/p>\t\t\t\t\t\t\t\t<\/div>\n\t\t\t\t<\/div>\n\t\t\t\t<\/div>\n\t\t<div class=\"elementor-element elementor-element-57728e22 e-con-full bg-azul anim-color e-flex e-con e-parent\" data-id=\"57728e22\" data-element_type=\"container\" data-e-type=\"container\">\n\t\t<div class=\"elementor-element elementor-element-35e5ecb8 e-con-full e-flex e-con e-child\" data-id=\"35e5ecb8\" data-element_type=\"container\" data-e-type=\"container\">\n\t\t<div class=\"elementor-element elementor-element-2eaa4050 e-con-full e-flex e-con e-child\" data-id=\"2eaa4050\" data-element_type=\"container\" data-e-type=\"container\">\n\t\t\t\t<div class=\"elementor-element elementor-element-4a1f1360 elementor-widget__width-initial elementor-widget-mobile__width-inherit elementor-widget elementor-widget-text-editor\" data-id=\"4a1f1360\" data-element_type=\"widget\" data-e-type=\"widget\" data-widget_type=\"text-editor.default\">\n\t\t\t\t\t\t\t\t\t<p>PROFESORADO<\/p><p>Tenemos la suerte de contar con profesionales de una larga experiencia<\/p>\t\t\t\t\t\t\t\t<\/div>\n\t\t\t\t<\/div>\n\t\t<div class=\"elementor-element elementor-element-33ffc582 e-con-full e-flex e-con e-child\" data-id=\"33ffc582\" data-element_type=\"container\" data-e-type=\"container\">\n\t\t\t\t<div class=\"elementor-element elementor-element-4b49f296 elementor-widget__width-initial elementor-widget-tablet__width-inherit elementor-widget elementor-widget-text-editor\" data-id=\"4b49f296\" data-element_type=\"widget\" data-e-type=\"widget\" data-widget_type=\"text-editor.default\">\n\t\t\t\t\t\t\t\t\t<p>Amaia Rold\u00e1n<\/p><p>Patricia Narbona<\/p><p>I\u00f1aqui Zapirain<\/p><p>Lolique Lorente<\/p><p>Miguel Gonz\u00e1lez<\/p><p>V\u00edctor R\u00edos<\/p><p>M\u00f3nica Quesada<\/p><p>Natalia Daimiel<\/p><p>Javier Alm\u00e1n<\/p><p>Mar\u00eda Bigeriego<\/p><p>Nieves Larroy<\/p><p>Inma Mansilla<\/p><p>Susana Alegr\u00eda<\/p><p>Miren Aristimu\u00f1o<\/p><p>V\u00edctor Oribe<\/p><p>N\u00e9stor Muzo<\/p><p>Am\u00f3s V\u00e1squez<\/p><p>Antonio del Olmo<\/p>\t\t\t\t\t\t\t\t<\/div>\n\t\t\t\t<\/div>\n\t\t\t\t<\/div>\n\t\t<div class=\"elementor-element elementor-element-2afe439f e-con-full e-flex e-con e-child\" data-id=\"2afe439f\" data-element_type=\"container\" data-e-type=\"container\">\n\t\t<div class=\"elementor-element elementor-element-32598719 e-con-full e-flex e-con e-child\" data-id=\"32598719\" data-element_type=\"container\" data-e-type=\"container\">\n\t\t\t\t<div class=\"elementor-element elementor-element-65a9fe7e elementor-widget__width-initial elementor-widget elementor-widget-text-editor\" data-id=\"65a9fe7e\" data-element_type=\"widget\" data-e-type=\"widget\" data-widget_type=\"text-editor.default\">\n\t\t\t\t\t\t\t\t\t<p>DIRECCI\u00d3N<\/p>\t\t\t\t\t\t\t\t<\/div>\n\t\t\t\t<\/div>\n\t\t<div class=\"elementor-element elementor-element-69ad4be6 e-con-full e-flex e-con e-child\" data-id=\"69ad4be6\" data-element_type=\"container\" data-e-type=\"container\">\n\t\t\t\t<div class=\"elementor-element elementor-element-2665701a elementor-widget__width-initial elementor-widget-laptop__width-inherit elementor-widget elementor-widget-text-editor\" data-id=\"2665701a\" data-element_type=\"widget\" data-e-type=\"widget\" data-widget_type=\"text-editor.default\">\n\t\t\t\t\t\t\t\t\t<p>Amaia Rold\u00e1n y Patricia Narbona<\/p>\t\t\t\t\t\t\t\t<\/div>\n\t\t\t\t<\/div>\n\t\t\t\t<\/div>\n\t\t<div class=\"elementor-element elementor-element-494a41ac e-con-full e-flex e-con e-child\" data-id=\"494a41ac\" data-element_type=\"container\" data-e-type=\"container\">\n\t\t<div class=\"elementor-element elementor-element-5e70b69f e-con-full e-flex e-con e-child\" data-id=\"5e70b69f\" data-element_type=\"container\" data-e-type=\"container\">\n\t\t\t\t<div class=\"elementor-element elementor-element-26f689d9 elementor-widget__width-initial elementor-widget elementor-widget-text-editor\" data-id=\"26f689d9\" data-element_type=\"widget\" data-e-type=\"widget\" data-widget_type=\"text-editor.default\">\n\t\t\t\t\t\t\t\t\t<p>COORDINACI\u00d3N<\/p>\t\t\t\t\t\t\t\t<\/div>\n\t\t\t\t<\/div>\n\t\t<div class=\"elementor-element elementor-element-290e6117 e-con-full e-flex e-con e-child\" data-id=\"290e6117\" data-element_type=\"container\" data-e-type=\"container\">\n\t\t\t\t<div class=\"elementor-element elementor-element-3ebd97c5 elementor-widget__width-initial elementor-widget elementor-widget-text-editor\" data-id=\"3ebd97c5\" data-element_type=\"widget\" data-e-type=\"widget\" data-widget_type=\"text-editor.default\">\n\t\t\t\t\t\t\t\t\t<p>Amaia Rold\u00e1n y Patricia Narbona<\/p>\t\t\t\t\t\t\t\t<\/div>\n\t\t\t\t<\/div>\n\t\t\t\t<\/div>\n\t\t<div class=\"elementor-element elementor-element-fd2aac0 e-con-full e-flex e-con e-child\" data-id=\"fd2aac0\" data-element_type=\"container\" data-e-type=\"container\">\n\t\t<div class=\"elementor-element elementor-element-374ce970 e-con-full e-flex e-con e-child\" data-id=\"374ce970\" data-element_type=\"container\" data-e-type=\"container\">\n\t\t\t\t<div class=\"elementor-element elementor-element-3880132a elementor-widget elementor-widget-text-editor\" data-id=\"3880132a\" data-element_type=\"widget\" data-e-type=\"widget\" data-widget_type=\"text-editor.default\">\n\t\t\t\t\t\t\t\t\t<p>* La Formaci\u00f3n va dirigida a toda persona que est\u00e9 interesada en formarse como Arteterapeuta Gestalt, tanto a personas que despu\u00e9s de la formaci\u00f3n quieran dedicarse exclusivamente al mundo de la terapia como a personas que quieran adquirir diferentes herramientas y conocimientos que le faciliten su d\u00eda a d\u00eda profesional y personal.<br \/>* Las personas que deseen participar en la Formaci\u00f3n tendr\u00e1n un encuentro preliminar con el coordinador.<br \/>* Plazas limitadas.<\/p>\t\t\t\t\t\t\t\t<\/div>\n\t\t\t\t<\/div>\n\t\t<div class=\"elementor-element elementor-element-72298481 e-con-full elementor-hidden-tablet e-flex e-con e-child\" data-id=\"72298481\" data-element_type=\"container\" data-e-type=\"container\">\n\t\t\t\t<\/div>\n\t\t\t\t<\/div>\n\t\t<div class=\"elementor-element elementor-element-bdf0f8f e-con-full e-flex e-con e-child\" data-id=\"bdf0f8f\" data-element_type=\"container\" data-e-type=\"container\">\n\t\t<div class=\"elementor-element elementor-element-b7043bd e-con-full e-flex e-con e-child\" data-id=\"b7043bd\" data-element_type=\"container\" data-e-type=\"container\">\n\t\t\t\t<div class=\"elementor-element elementor-element-1a89a62 elementor-widget elementor-widget-text-editor\" data-id=\"1a89a62\" data-element_type=\"widget\" data-e-type=\"widget\" data-widget_type=\"text-editor.default\">\n\t\t\t\t\t\t\t\t\t<h2><a href=\"https:\/\/argian.org\/www\/wp-content\/uploads\/2025\/06\/Arteterapia-2225-dossier-baja.pdf\" target=\"_blank\" rel=\"noopener\">Descargar Dossier<\/a><\/h2>\t\t\t\t\t\t\t\t<\/div>\n\t\t\t\t<\/div>\n\t\t<div class=\"elementor-element elementor-element-bf34d42 e-con-full elementor-hidden-tablet e-flex e-con e-child\" data-id=\"bf34d42\" data-element_type=\"container\" data-e-type=\"container\">\n\t\t\t\t<\/div>\n\t\t\t\t<\/div>\n\t\t\t\t<\/div>\n\t\t<div class=\"elementor-element elementor-element-29479df9 e-con-full bg-faro anim-color e-flex e-con e-parent\" data-id=\"29479df9\" data-element_type=\"container\" data-e-type=\"container\" --dur-color=\"\">\n\t\t\t\t<div class=\"elementor-element elementor-element-5d99ae7e elementor-widget elementor-widget-heading\" data-id=\"5d99ae7e\" data-element_type=\"widget\" data-e-type=\"widget\" data-widget_type=\"heading.default\">\n\t\t\t\t\t<h2 class=\"elementor-heading-title elementor-size-default\">\u00a1Continuemos con el viaje, <br>\nlos faros nos gu\u00edan!<\/h2>\t\t\t\t<\/div>\n\t\t\t\t<div class=\"elementor-element elementor-element-39ef6343 anim-pulse elementor-widget elementor-widget-button\" data-id=\"39ef6343\" data-element_type=\"widget\" data-e-type=\"widget\" data-widget_type=\"button.default\">\n\t\t\t\t\t\t\t\t\t\t<a class=\"elementor-button elementor-button-link elementor-size-sm\" href=\"https:\/\/argian.org\/www\/contacto\">\n\t\t\t\t\t\t<span class=\"elementor-button-content-wrapper\">\n\t\t\t\t\t\t\t\t\t<span class=\"elementor-button-text\">Cont\u00e1ctanos<\/span>\n\t\t\t\t\t<\/span>\n\t\t\t\t\t<\/a>\n\t\t\t\t\t\t\t\t<\/div>\n\t\t\t\t<\/div>\n\t\t\t\t<\/div>\n\t\t","protected":false},"excerpt":{"rendered":"<p>Arteterapia Gestalt Se trata de una formaci\u00f3n de 3 a\u00f1os de recorrido que tiene como objetivo formar a profesionales en Arteterapia Gestalt aprendiendo las herramientas necesarias para ello. Es un proyecto que se ha cocinado a fuego lento para poder saborear todos los matices y que adem\u00e1s tiene este ingrediente tan m\u00e1gico que se usa [&hellip;]<\/p>\n","protected":false},"author":1,"featured_media":0,"parent":0,"menu_order":0,"comment_status":"closed","ping_status":"closed","template":"elementor_header_footer","meta":{"footnotes":""},"class_list":["post-32","page","type-page","status-publish","hentry"],"_links":{"self":[{"href":"https:\/\/argian.org\/www\/wp-json\/wp\/v2\/pages\/32","targetHints":{"allow":["GET"]}}],"collection":[{"href":"https:\/\/argian.org\/www\/wp-json\/wp\/v2\/pages"}],"about":[{"href":"https:\/\/argian.org\/www\/wp-json\/wp\/v2\/types\/page"}],"author":[{"embeddable":true,"href":"https:\/\/argian.org\/www\/wp-json\/wp\/v2\/users\/1"}],"replies":[{"embeddable":true,"href":"https:\/\/argian.org\/www\/wp-json\/wp\/v2\/comments?post=32"}],"version-history":[{"count":70,"href":"https:\/\/argian.org\/www\/wp-json\/wp\/v2\/pages\/32\/revisions"}],"predecessor-version":[{"id":1892,"href":"https:\/\/argian.org\/www\/wp-json\/wp\/v2\/pages\/32\/revisions\/1892"}],"wp:attachment":[{"href":"https:\/\/argian.org\/www\/wp-json\/wp\/v2\/media?parent=32"}],"curies":[{"name":"wp","href":"https:\/\/api.w.org\/{rel}","templated":true}]}}