{"id":644,"date":"2025-05-06T14:54:33","date_gmt":"2025-05-06T14:54:33","guid":{"rendered":"https:\/\/argian.org\/www\/?post_type=equipo&#038;p=644"},"modified":"2025-09-26T14:58:38","modified_gmt":"2025-09-26T14:58:38","slug":"monica-quesada-juan","status":"publish","type":"equipo","link":"https:\/\/argian.org\/www\/equipo\/monica-quesada-juan\/","title":{"rendered":"M\u00f3nica Quesada Juan"},"content":{"rendered":"\n<p>Nac\u00ed en Madrid y fui una ni\u00f1a llena de curiosidad e inconformismo. La curiosidad me llevaba a preguntarme sobre todo lo que se daba por sentado. Muchas preguntas frente al sistema que nos dec\u00eda c\u00f3mo ten\u00edamos que ser, sobre todo en funci\u00f3n del g\u00e9nero, el cual sent\u00eda marciano y opresor. M\u00e1s tarde conoc\u00ed los feminismos, gracias a los cuales empec\u00e9 a ver m\u00e1s claramente las exigencias de un sistema patriarcal que no ve personas, sino seres que tienen que cumplir unas normas y perpetuar un sistema deshumanizado, desechando la diversidad de formas de estar en el mundo.<\/p>\n\n\n\n<p>En este caminar, a la hora de decidir una carrera dud\u00e9 entre Pedagog\u00eda y Psicolog\u00eda, dos carreras que part\u00edan de lo humano. Los n\u00fameros se decantaron por Pedagog\u00eda y, a\u00f1os despu\u00e9s, me gradu\u00e9 en Psicolog\u00eda.<\/p>\n\n\n\n<p>Mientras estudiaba pedagog\u00eda, realic\u00e9 las pr\u00e1cticas dando talleres de Educaci\u00f3n Sexual y me pareci\u00f3 tan interesante y necesario que realic\u00e9 el M\u00e1ster de Terapia Sexual y de Pareja con perspectiva de g\u00e9nero, en la Fundaci\u00f3n Sexpol. Los 3 a\u00f1os de formaci\u00f3n del m\u00e1ster fueron un antes y un despu\u00e9s. Aquello que ya ven\u00eda plante\u00e1ndome con respecto al g\u00e9nero se hizo cuerpo y dio a\u00fan m\u00e1s sentido a la idea de que el c\u00f3mo nos dicen que tenemos que ser es una c\u00e1rcel poco visible que nos impide estar en contacto con nuestro Ser y con la diversidad.<\/p>\n\n\n\n<p>Los a\u00f1os siguientes, mientras realizaba Psicolog\u00eda, segu\u00ed en el camino del autoconocimiento y la formaci\u00f3n, realizando el Practitioner en Programaci\u00f3n Neuroling\u00fc\u00edstica (PNL) con Vicens Oliv\u00e9 en el Institut Gestalt, el M\u00e1ster de Especialista en Coaching, por IPH y un M\u00e1ster en Igualdad de Oportunidades.<\/p>\n\n\n\n<p>En este caminar, me segu\u00ed formando y transformando a trav\u00e9s de la formaci\u00f3n en Terapia Gestalt, por la EMTG y en Psicolog\u00eda Integrativa a trav\u00e9s del Programa SAT de la Fundaci\u00f3n Claudio Naranjo y actualmente en Soma Intimacy.<\/p>\n\n\n\n<p>Y hasta hoy, donde sigo caminando, de la manera m\u00e1s consciente que puedo en cada momento y disfrutando del acompa\u00f1amiento a otras personas, gui\u00e1ndome por la curiosidad y las ganas de un cambio social.<\/p>\n\n\n\n<p><strong>FORMACI\u00d3N<\/strong><\/p>\n\n\n\n<p>Docente en el M\u00e1ster Universitario en Sexolog\u00eda y G\u00e9nero de la Fundaci\u00f3n Sexpol, en la Formaci\u00f3n de Arteterapia Gestalt Emocionarte, colaboradora en el \u00c1rea de Educaci\u00f3n Integradora y en el Programa Sat de la FCN.<\/p>\n\n\n\n<p>Colabor\u00e9 en la Revista P\u00edkara Magazine<\/p>\n\n\n\n<p>Graduada en Psicolog\u00eda por la Universidad Nacional a Distancia, UNED.<\/p>\n\n\n\n<p>Licenciada en Pedagog\u00eda Social por la Universidad Complutense de Madrid, UCM.<\/p>\n\n\n\n<p>M\u00e1ster en Orientaci\u00f3n, Terapia Sexual y de Parejas con perspectiva de g\u00e9nero, por la Fundaci\u00f3n Sexol\u00f3gica de Madrid, Sexpol.<\/p>\n\n\n\n<p>Formada en Terapia Gestalt, en la Escuela Madrile\u00f1a de Terapia Gestalt (E.M.T.G).<\/p>\n\n\n\n<p>Formada en el Programa SAT de la Fundaci\u00f3n Claudio Naranjo.<\/p>\n\n\n\n<p>Formada en Modelo Integrativo Gestalt y Sist\u00e9mico-Relacional. Formaci\u00f3n en terapia de Pareja, con Grazia Cecchini.<\/p>\n\n\n\n<p>Formada en Terapia Sist\u00e9mica Relacional Vivencial, con Grazia Cecchini.<\/p>\n\n\n\n<p>Certificaci\u00f3n oficial en Coaching Wingwave, por Institut Gestalt.<\/p>\n\n\n\n<p>M\u00e1ster Especialista en Coaching, por Instituto Potencial Humano, IPH.<\/p>\n\n\n\n<p>Practitioner en Programaci\u00f3n Neuroling\u00fc\u00edstica (PNL), por el Institut Gestalt y Qualia.<\/p>\n\n\n\n<p>M\u00e1ster en Agente de Igualdad de Oportunidades para la Mujer, por el Instituto Europeo.<\/p>\n","protected":false},"excerpt":{"rendered":"<p>Psic\u00f3loga General Sanitaria, Terapeuta Sexual y Terapeuta Gestalt.<\/p>\n","protected":false},"featured_media":2105,"template":"","format":"standard","categories":[8],"class_list":["post-644","equipo","type-equipo","status-publish","format-standard","has-post-thumbnail","hentry","category-colaborador"],"_links":{"self":[{"href":"https:\/\/argian.org\/www\/wp-json\/wp\/v2\/equipo\/644","targetHints":{"allow":["GET"]}}],"collection":[{"href":"https:\/\/argian.org\/www\/wp-json\/wp\/v2\/equipo"}],"about":[{"href":"https:\/\/argian.org\/www\/wp-json\/wp\/v2\/types\/equipo"}],"wp:featuredmedia":[{"embeddable":true,"href":"https:\/\/argian.org\/www\/wp-json\/wp\/v2\/media\/2105"}],"wp:attachment":[{"href":"https:\/\/argian.org\/www\/wp-json\/wp\/v2\/media?parent=644"}],"wp:term":[{"taxonomy":"category","embeddable":true,"href":"https:\/\/argian.org\/www\/wp-json\/wp\/v2\/categories?post=644"}],"curies":[{"name":"wp","href":"https:\/\/api.w.org\/{rel}","templated":true}]}}